{"version":"1.0","provider_name":"Fran\u00e7ois Pelletant","provider_url":"https:\/\/francois-pelletant.fr\/blog","author_name":"Francois","author_url":"https:\/\/francois-pelletant.fr\/blog\/author\/francois\/","title":"Le drapeau Portugal collector \u00ab euro 2016 \u00bb ! - Fran\u00e7ois Pelletant","type":"rich","width":600,"height":338,"html":"<blockquote class=\"wp-embedded-content\" data-secret=\"KWHxX0fvK3\"><a href=\"https:\/\/francois-pelletant.fr\/blog\/demandez-drapeau-portugal-collector-euro\/\">Demandez votre drapeau Portugal collector \u00ab euro 2016 \u00bb !<\/a><\/blockquote><iframe sandbox=\"allow-scripts\" security=\"restricted\" src=\"https:\/\/francois-pelletant.fr\/blog\/demandez-drapeau-portugal-collector-euro\/embed\/#?secret=KWHxX0fvK3\" width=\"600\" height=\"338\" title=\"\u00ab\u00a0Demandez votre drapeau Portugal collector \u00ab euro 2016 \u00bb !\u00a0\u00bb &#8212; Fran\u00e7ois Pelletant\" data-secret=\"KWHxX0fvK3\" frameborder=\"0\" marginwidth=\"0\" marginheight=\"0\" scrolling=\"no\" class=\"wp-embedded-content\"><\/iframe><script>\n\/*! This file is auto-generated *\/\n!function(d,l){\"use strict\";l.querySelector&&d.addEventListener&&\"undefined\"!=typeof URL&&(d.wp=d.wp||{},d.wp.receiveEmbedMessage||(d.wp.receiveEmbedMessage=function(e){var t=e.data;if((t||t.secret||t.message||t.value)&&!\/[^a-zA-Z0-9]\/.test(t.secret)){for(var s,r,n,a=l.querySelectorAll('iframe[data-secret=\"'+t.secret+'\"]'),o=l.querySelectorAll('blockquote[data-secret=\"'+t.secret+'\"]'),c=new RegExp(\"^https?:$\",\"i\"),i=0;i<o.length;i++)o[i].style.display=\"none\";for(i=0;i<a.length;i++)s=a[i],e.source===s.contentWindow&&(s.removeAttribute(\"style\"),\"height\"===t.message?(1e3<(r=parseInt(t.value,10))?r=1e3:~~r<200&&(r=200),s.height=r):\"link\"===t.message&&(r=new URL(s.getAttribute(\"src\")),n=new URL(t.value),c.test(n.protocol))&&n.host===r.host&&l.activeElement===s&&(d.top.location.href=t.value))}},d.addEventListener(\"message\",d.wp.receiveEmbedMessage,!1),l.addEventListener(\"DOMContentLoaded\",function(){for(var e,t,s=l.querySelectorAll(\"iframe.wp-embedded-content\"),r=0;r<s.length;r++)(t=(e=s[r]).getAttribute(\"data-secret\"))||(t=Math.random().toString(36).substring(2,12),e.src+=\"#?secret=\"+t,e.setAttribute(\"data-secret\",t)),e.contentWindow.postMessage({message:\"ready\",secret:t},\"*\")},!1)))}(window,document);\n<\/script>\n","thumbnail_url":"https:\/\/francois-pelletant.fr\/blog\/wp-content\/uploads\/2016\/07\/drapeaux_N104_LINAS_72DPI.jpg","thumbnail_width":1529,"thumbnail_height":996,"description":"Le drapeau du Portugal disponible \u00e0 la Mairie de Linas Apr\u00e8s le succ\u00e8s de l\u2019\u00e9quipe de football portugaise de football \u00e0 l\u2019Euro 2016, vous avez nombreux \u00e0 demander ce que la Mairie comptait faire des drapeaux lusitaniens qui ont \u00e9t\u00e9 install\u00e9s le lendemain de la finale sur le pont qui enjambe la Franciliennes pour f\u00eater [&hellip;]"}