{"version":"1.0","provider_name":"Fran\u00e7ois Pelletant","provider_url":"https:\/\/francois-pelletant.fr\/blog","author_name":"Francois","author_url":"https:\/\/francois-pelletant.fr\/blog\/author\/francois\/","title":"La Grande Parade au c\u0153ur du combat - Fran\u00e7ois Pelletant","type":"rich","width":600,"height":338,"html":"<blockquote class=\"wp-embedded-content\" data-secret=\"vPiu6g7nVC\"><a href=\"https:\/\/francois-pelletant.fr\/blog\/grande-parade-coeur-combat\/\">La Grande Parade au c\u0153ur du combat<\/a><\/blockquote><iframe sandbox=\"allow-scripts\" security=\"restricted\" src=\"https:\/\/francois-pelletant.fr\/blog\/grande-parade-coeur-combat\/embed\/#?secret=vPiu6g7nVC\" width=\"600\" height=\"338\" title=\"\u00ab\u00a0La Grande Parade au c\u0153ur du combat\u00a0\u00bb &#8212; Fran\u00e7ois Pelletant\" data-secret=\"vPiu6g7nVC\" frameborder=\"0\" marginwidth=\"0\" marginheight=\"0\" scrolling=\"no\" class=\"wp-embedded-content\"><\/iframe><script>\n\/*! This file is auto-generated *\/\n!function(d,l){\"use strict\";l.querySelector&&d.addEventListener&&\"undefined\"!=typeof URL&&(d.wp=d.wp||{},d.wp.receiveEmbedMessage||(d.wp.receiveEmbedMessage=function(e){var t=e.data;if((t||t.secret||t.message||t.value)&&!\/[^a-zA-Z0-9]\/.test(t.secret)){for(var s,r,n,a=l.querySelectorAll('iframe[data-secret=\"'+t.secret+'\"]'),o=l.querySelectorAll('blockquote[data-secret=\"'+t.secret+'\"]'),c=new RegExp(\"^https?:$\",\"i\"),i=0;i<o.length;i++)o[i].style.display=\"none\";for(i=0;i<a.length;i++)s=a[i],e.source===s.contentWindow&&(s.removeAttribute(\"style\"),\"height\"===t.message?(1e3<(r=parseInt(t.value,10))?r=1e3:~~r<200&&(r=200),s.height=r):\"link\"===t.message&&(r=new URL(s.getAttribute(\"src\")),n=new URL(t.value),c.test(n.protocol))&&n.host===r.host&&l.activeElement===s&&(d.top.location.href=t.value))}},d.addEventListener(\"message\",d.wp.receiveEmbedMessage,!1),l.addEventListener(\"DOMContentLoaded\",function(){for(var e,t,s=l.querySelectorAll(\"iframe.wp-embedded-content\"),r=0;r<s.length;r++)(t=(e=s[r]).getAttribute(\"data-secret\"))||(t=Math.random().toString(36).substring(2,12),e.src+=\"#?secret=\"+t,e.setAttribute(\"data-secret\",t)),e.contentWindow.postMessage({message:\"ready\",secret:t},\"*\")},!1)))}(window,document);\n<\/script>\n","thumbnail_url":"https:\/\/francois-pelletant.fr\/blog\/wp-content\/uploads\/2019\/01\/UNE_PARADE-scaled.jpg","thumbnail_width":2560,"thumbnail_height":1709,"description":"A l\u2019occasion de la 1\u00e8re Journ\u00e9e Nationale des V\u00e9hicules d\u2019Epoque, dimanche 30 avril, la ville de Linas organisait sur son territoire un important rassemblement de v\u00e9hicules anciens suivi d\u2019une parade sur notre circuit mythique de Linas-Montlh\u00e9ry. Cet \u00e9v\u00e9nement a \u00e9t\u00e9 l\u2019occasion de relancer notre combat contre la politique men\u00e9e par la municipalit\u00e9 de Paris qui [&hellip;]"}