{"version":"1.0","provider_name":"Fran\u00e7ois Pelletant","provider_url":"https:\/\/francois-pelletant.fr\/blog","author_name":"Francois","author_url":"https:\/\/francois-pelletant.fr\/blog\/author\/francois\/","title":"L&#039;Essonne en po\u00e9sie - Fran\u00e7ois Pelletant","type":"rich","width":600,"height":338,"html":"<blockquote class=\"wp-embedded-content\" data-secret=\"HNxcjVzPTu\"><a href=\"https:\/\/francois-pelletant.fr\/blog\/lessonne-en-poesie\/\">L&#039;Essonne en po\u00e9sie<\/a><\/blockquote><iframe sandbox=\"allow-scripts\" security=\"restricted\" src=\"https:\/\/francois-pelletant.fr\/blog\/lessonne-en-poesie\/embed\/#?secret=HNxcjVzPTu\" width=\"600\" height=\"338\" title=\"\u00ab\u00a0L&#039;Essonne en po\u00e9sie\u00a0\u00bb &#8212; Fran\u00e7ois Pelletant\" data-secret=\"HNxcjVzPTu\" frameborder=\"0\" marginwidth=\"0\" marginheight=\"0\" scrolling=\"no\" class=\"wp-embedded-content\"><\/iframe><script>\n\/*! This file is auto-generated *\/\n!function(d,l){\"use strict\";l.querySelector&&d.addEventListener&&\"undefined\"!=typeof URL&&(d.wp=d.wp||{},d.wp.receiveEmbedMessage||(d.wp.receiveEmbedMessage=function(e){var t=e.data;if((t||t.secret||t.message||t.value)&&!\/[^a-zA-Z0-9]\/.test(t.secret)){for(var s,r,n,a=l.querySelectorAll('iframe[data-secret=\"'+t.secret+'\"]'),o=l.querySelectorAll('blockquote[data-secret=\"'+t.secret+'\"]'),c=new RegExp(\"^https?:$\",\"i\"),i=0;i<o.length;i++)o[i].style.display=\"none\";for(i=0;i<a.length;i++)s=a[i],e.source===s.contentWindow&&(s.removeAttribute(\"style\"),\"height\"===t.message?(1e3<(r=parseInt(t.value,10))?r=1e3:~~r<200&&(r=200),s.height=r):\"link\"===t.message&&(r=new URL(s.getAttribute(\"src\")),n=new URL(t.value),c.test(n.protocol))&&n.host===r.host&&l.activeElement===s&&(d.top.location.href=t.value))}},d.addEventListener(\"message\",d.wp.receiveEmbedMessage,!1),l.addEventListener(\"DOMContentLoaded\",function(){for(var e,t,s=l.querySelectorAll(\"iframe.wp-embedded-content\"),r=0;r<s.length;r++)(t=(e=s[r]).getAttribute(\"data-secret\"))||(t=Math.random().toString(36).substring(2,12),e.src+=\"#?secret=\"+t,e.setAttribute(\"data-secret\",t)),e.contentWindow.postMessage({message:\"ready\",secret:t},\"*\")},!1)))}(window,document);\n<\/script>\n","description":"L\u2019exposition \u00ab\u00a0Essonne en po\u00e9sie\u00a0\u00bb est propos\u00e9e \u00e0 la M\u00e9diath\u00e8que \u00ab\u00a0les Muses\u00a0\u00bb \u00e0 Linas jusqu\u2019au 13 juin 2015. Partez \u00e0 la d\u00e9couverte des po\u00e8tes du territoire essonnien dont l\u2019\u0153uvre est influenc\u00e9e par l\u2019environnement et les paysages de notre r\u00e9gion.","thumbnail_url":"https:\/\/francois-pelletant.fr\/blog\/wp-content\/uploads\/2015\/04\/POESIE_print_local-scaled.jpg","thumbnail_width":1810,"thumbnail_height":2560}