{"version":"1.0","provider_name":"Fran\u00e7ois Pelletant","provider_url":"https:\/\/francois-pelletant.fr\/blog","author_name":"Francois","author_url":"https:\/\/francois-pelletant.fr\/blog\/author\/francois\/","title":"Stop au Bas d\u00e9bit \u00e0 Linas ! - Fran\u00e7ois Pelletant","type":"rich","width":600,"height":338,"html":"<blockquote class=\"wp-embedded-content\" data-secret=\"la0hYLInpg\"><a href=\"https:\/\/francois-pelletant.fr\/blog\/stop-au-bas-debit-a-linas\/\">Stop au Bas d\u00e9bit \u00e0 Linas !<\/a><\/blockquote><iframe sandbox=\"allow-scripts\" security=\"restricted\" src=\"https:\/\/francois-pelletant.fr\/blog\/stop-au-bas-debit-a-linas\/embed\/#?secret=la0hYLInpg\" width=\"600\" height=\"338\" title=\"\u00ab\u00a0Stop au Bas d\u00e9bit \u00e0 Linas !\u00a0\u00bb &#8212; Fran\u00e7ois Pelletant\" data-secret=\"la0hYLInpg\" frameborder=\"0\" marginwidth=\"0\" marginheight=\"0\" scrolling=\"no\" class=\"wp-embedded-content\"><\/iframe><script>\n\/*! This file is auto-generated *\/\n!function(d,l){\"use strict\";l.querySelector&&d.addEventListener&&\"undefined\"!=typeof URL&&(d.wp=d.wp||{},d.wp.receiveEmbedMessage||(d.wp.receiveEmbedMessage=function(e){var t=e.data;if((t||t.secret||t.message||t.value)&&!\/[^a-zA-Z0-9]\/.test(t.secret)){for(var s,r,n,a=l.querySelectorAll('iframe[data-secret=\"'+t.secret+'\"]'),o=l.querySelectorAll('blockquote[data-secret=\"'+t.secret+'\"]'),c=new RegExp(\"^https?:$\",\"i\"),i=0;i<o.length;i++)o[i].style.display=\"none\";for(i=0;i<a.length;i++)s=a[i],e.source===s.contentWindow&&(s.removeAttribute(\"style\"),\"height\"===t.message?(1e3<(r=parseInt(t.value,10))?r=1e3:~~r<200&&(r=200),s.height=r):\"link\"===t.message&&(r=new URL(s.getAttribute(\"src\")),n=new URL(t.value),c.test(n.protocol))&&n.host===r.host&&l.activeElement===s&&(d.top.location.href=t.value))}},d.addEventListener(\"message\",d.wp.receiveEmbedMessage,!1),l.addEventListener(\"DOMContentLoaded\",function(){for(var e,t,s=l.querySelectorAll(\"iframe.wp-embedded-content\"),r=0;r<s.length;r++)(t=(e=s[r]).getAttribute(\"data-secret\"))||(t=Math.random().toString(36).substring(2,12),e.src+=\"#?secret=\"+t,e.setAttribute(\"data-secret\",t)),e.contentWindow.postMessage({message:\"ready\",secret:t},\"*\")},!1)))}(window,document);\n<\/script>\n","thumbnail_url":"https:\/\/francois-pelletant.fr\/blog\/wp-content\/uploads\/2012\/04\/internet-haut-debit.jpg","thumbnail_width":1181,"thumbnail_height":907,"description":"Le Conseil G\u00e9n\u00e9ral de l\u2019Essonne a beau annoncer que la fibre optique sera install\u00e9e un jour dans (presque) tout le d\u00e9partement, en attendant, de nombreux essonniens, dont les habitants de ma commune, souffrent de la fracture num\u00e9rique\u00a0! Ainsi, 261 signataires ont r\u00e9pondu \u00e0 l\u2019appel de la Mairie de Linas qui avait lanc\u00e9 une p\u00e9tition pour [&hellip;]"}