{"version":"1.0","provider_name":"Fran\u00e7ois Pelletant","provider_url":"https:\/\/francois-pelletant.fr\/blog","author_name":"Francois","author_url":"https:\/\/francois-pelletant.fr\/blog\/author\/francois\/","title":"Sur le chemin de l\u2019\u00e9cole\u2026 - Fran\u00e7ois Pelletant","type":"rich","width":600,"height":338,"html":"<blockquote class=\"wp-embedded-content\" data-secret=\"VCNuqTUPCb\"><a href=\"https:\/\/francois-pelletant.fr\/blog\/sur-le-chemin-de-lecole\/\">Sur le chemin de l\u2019\u00e9cole\u2026<\/a><\/blockquote><iframe sandbox=\"allow-scripts\" security=\"restricted\" src=\"https:\/\/francois-pelletant.fr\/blog\/sur-le-chemin-de-lecole\/embed\/#?secret=VCNuqTUPCb\" width=\"600\" height=\"338\" title=\"\u00ab\u00a0Sur le chemin de l\u2019\u00e9cole\u2026\u00a0\u00bb &#8212; Fran\u00e7ois Pelletant\" data-secret=\"VCNuqTUPCb\" frameborder=\"0\" marginwidth=\"0\" marginheight=\"0\" scrolling=\"no\" class=\"wp-embedded-content\"><\/iframe><script>\n\/*! This file is auto-generated *\/\n!function(d,l){\"use strict\";l.querySelector&&d.addEventListener&&\"undefined\"!=typeof URL&&(d.wp=d.wp||{},d.wp.receiveEmbedMessage||(d.wp.receiveEmbedMessage=function(e){var t=e.data;if((t||t.secret||t.message||t.value)&&!\/[^a-zA-Z0-9]\/.test(t.secret)){for(var s,r,n,a=l.querySelectorAll('iframe[data-secret=\"'+t.secret+'\"]'),o=l.querySelectorAll('blockquote[data-secret=\"'+t.secret+'\"]'),c=new RegExp(\"^https?:$\",\"i\"),i=0;i<o.length;i++)o[i].style.display=\"none\";for(i=0;i<a.length;i++)s=a[i],e.source===s.contentWindow&&(s.removeAttribute(\"style\"),\"height\"===t.message?(1e3<(r=parseInt(t.value,10))?r=1e3:~~r<200&&(r=200),s.height=r):\"link\"===t.message&&(r=new URL(s.getAttribute(\"src\")),n=new URL(t.value),c.test(n.protocol))&&n.host===r.host&&l.activeElement===s&&(d.top.location.href=t.value))}},d.addEventListener(\"message\",d.wp.receiveEmbedMessage,!1),l.addEventListener(\"DOMContentLoaded\",function(){for(var e,t,s=l.querySelectorAll(\"iframe.wp-embedded-content\"),r=0;r<s.length;r++)(t=(e=s[r]).getAttribute(\"data-secret\"))||(t=Math.random().toString(36).substring(2,12),e.src+=\"#?secret=\"+t,e.setAttribute(\"data-secret\",t)),e.contentWindow.postMessage({message:\"ready\",secret:t},\"*\")},!1)))}(window,document);\n<\/script>\n","thumbnail_url":"https:\/\/francois-pelletant.fr\/blog\/wp-content\/uploads\/2012\/09\/transport-scolaire.jpg","thumbnail_width":591,"thumbnail_height":551,"description":"L\u2019\u00e9cole a repris pour tous et pour ceux qui en ont besoin, quatre lignes de transports scolaires sont mises \u00e0 disposition des enfants de la premi\u00e8re ann\u00e9e de maternelle \u00e0 la fin du coll\u00e8ge.\u00a0Les enfants de l\u2019\u00e9cole des Sources ont leur propre car et sont encadr\u00e9s durant leur trajet par deux animateurs. Pour les coll\u00e9giens, [&hellip;]"}