{"id":13381,"date":"2020-07-08T21:55:19","date_gmt":"2020-07-08T21:55:19","guid":{"rendered":"https:\/\/francois-pelletant.fr\/blog\/?page_id=13381"},"modified":"2020-07-08T21:56:45","modified_gmt":"2020-07-08T21:56:45","slug":"la-rn20","status":"publish","type":"page","link":"https:\/\/francois-pelletant.fr\/blog\/la-rn20\/","title":{"rendered":"La RN20"},"content":{"rendered":"<p><img loading=\"lazy\" decoding=\"async\" width=\"595\" height=\"392\" src=\"https:\/\/francois-pelletant.fr\/blog\/wp-content\/uploads\/2018\/08\/bg_headerFP6-parallax.png\" alt=\"\" srcset=\"https:\/\/francois-pelletant.fr\/blog\/wp-content\/uploads\/2018\/08\/bg_headerFP6-parallax.png 595w, https:\/\/francois-pelletant.fr\/blog\/wp-content\/uploads\/2018\/08\/bg_headerFP6-parallax-300x198.png 300w\" sizes=\"auto, (max-width: 595px) 100vw, 595px\" \/><br \/>\n<iframe allowfullscreen title=\"Lecteur vid\u00e9o youtube\" data-lazy-load=\"https:\/\/www.youtube.com\/embed\/RRRFKU4wTA0?feature=oembed&amp;playlist=RRRFKU4wTA0&amp;wmode=opaque&amp;autoplay=1&amp;loop=1&amp;controls=0&amp;mute=0&amp;rel=0&amp;modestbranding=0\" allow=\"autoplay;encrypted-media\"><\/iframe><br \/>\n\tPlay Video<br \/>\n<a href=\"https:\/\/francois-pelletant.fr\/blog\/\"><img loading=\"lazy\" decoding=\"async\" src=\"https:\/\/francois-pelletant.fr\/blog\/wp-content\/uploads\/2018\/08\/LOGO-4.png\" alt=\"Francois Pelletant\" width=\"450\" height=\"132\" srcset=\"https:\/\/francois-pelletant.fr\/blog\/wp-content\/uploads\/2018\/08\/LOGO-retina.png 2x\"\/><\/a><br \/>\n\t\t<a href=\"http:\/\/www.francois-pelletant.fr\">ACCUEIL<\/a><br \/>\n\t<a href=\"https:\/\/francois-pelletant.fr\/blog\/1418-3d\/\">14-18 en 3D<\/a><br \/>\n<a href=\"https:\/\/francois-pelletant.fr\/blog\/me-connaitre\/\">ME CONNAITRE<\/a><br \/>\n<a href=\"https:\/\/francois-pelletant.fr\/blog\/me-rencontrer\/\">ME RENCONTRER<\/a><br \/>\n<a href=\"https:\/\/francois-pelletant.fr\/blog\/mon-equipe-2\/\">Mon \u00c9quipe<\/a><br \/>\n\tmercredi, 8 juillet, 2020\tA lire absolument<br \/>\n\t\t<\/i>&#8220;,&#8221;nextArrow&#8221;:&#8221;<i class=\"fas fa-angle-left jet-arrow-next jet-blog-arrow\"><\/i>&#8220;,&#8221;autoplay&#8221;:true,&#8221;autoplaySpeed&#8221;:5000}&#8217; dir=&#8221;ltr&#8221; data-typing=&#8221;1&#8243;><br \/>\n\t\t\t\t\t\t\t<a href=\"https:\/\/francois-pelletant.fr\/blog\/voila-lurbanisme-autrement\/\">Voil\u00e0 l&#8217;urbanisme &#8220;Autrement&#8221;<\/a><br \/>\n\t\t\t\t\t\t\t<a href=\"https:\/\/francois-pelletant.fr\/blog\/quand-les-policiers-font-de-la-politique-ca-part-en-live\/\">Quand les policiers font de la politique, \u00e7a part en live !<\/a><br \/>\n\t\t\t\t\t\t\t<a href=\"https:\/\/francois-pelletant.fr\/blog\/la-mairie-destabilisee\/\">LA MAIRIE D\u00c9STABILIS\u00c9E<\/a><br \/>\n\t\t\t\t\t\t\t<a href=\"https:\/\/francois-pelletant.fr\/blog\/coronavirus-les-linois-ont-ete-formidables\/\">CORONAVIRUS : LES LINOIS ONT \u00c9T\u00c9 FORMIDABLES<\/a>\t\t\t\t\t\t<\/p>\n<h2>La RN 20<\/h2>\n<p><a href=\"#\" data-term=\"0\" target=\"_blank\" rel=\"nofollow\">Tous<\/a><a href=\"#\" data-term=\"19\" target=\"_blank\" rel=\"nofollow\">RN20<\/a><br \/>\n\t\t\t\t\t<a href=\"https:\/\/francois-pelletant.fr\/blog\/category\/environnement\/rn20\/\">RN20<\/a>\t\t\t\t\t<a href=\"https:\/\/francois-pelletant.fr\/blog\/linas-rn20-7-a-8\/\"><img loading=\"lazy\" decoding=\"async\" width=\"1116\" height=\"650\" src=\"https:\/\/francois-pelletant.fr\/blog\/wp-content\/uploads\/2018\/02\/7a8-18-fevrier-1116x650.jpg\" alt=\"Linas et la RN20 dans 7 \u00e0 8 !\" \/><\/a>\t\t\t\t\t<a href=\"https:\/\/francois-pelletant.fr\/blog\/author\/francois\/\"  rel=\"author\">Francois<\/a><a href=\"https:\/\/francois-pelletant.fr\/blog\/2018\/02\/19\/\"><time datetime=\"2018-02-19T09:47:57+00:00\" title=\"2018-02-19T09:47:57+00:00\">f\u00e9vrier 19, 2018<\/time><\/a><a href=\"https:\/\/francois-pelletant.fr\/blog\/linas-rn20-7-a-8\/\">Linas et la RN20 dans 7 \u00e0 8 !<\/a><br \/>\n\t\t\t\t\t<a href=\"https:\/\/francois-pelletant.fr\/blog\/category\/environnement\/rn20\/\">RN20<\/a>\t\t\t\t\t<a href=\"https:\/\/francois-pelletant.fr\/blog\/grande-parade-combat\/\"><img loading=\"lazy\" decoding=\"async\" width=\"486\" height=\"482\" src=\"https:\/\/francois-pelletant.fr\/blog\/wp-content\/uploads\/2017\/04\/Journ\u00e9e-Nationale-des-V\u00e9hicules-dEpoque-820x548.jpg\" alt=\"La Grande Parade au c\u0153ur du combat\" srcset=\"https:\/\/francois-pelletant.fr\/blog\/wp-content\/uploads\/2017\/04\/Journ\u00e9e-Nationale-des-V\u00e9hicules-dEpoque-820x548.jpg 486w, https:\/\/francois-pelletant.fr\/blog\/wp-content\/uploads\/2017\/04\/Journ\u00e9e-Nationale-des-V\u00e9hicules-dEpoque-820x548-300x298.jpg 300w, https:\/\/francois-pelletant.fr\/blog\/wp-content\/uploads\/2017\/04\/Journ\u00e9e-Nationale-des-V\u00e9hicules-dEpoque-820x548-150x150.jpg 150w\" sizes=\"auto, (max-width: 486px) 100vw, 486px\" \/><\/a>\t\t\t\t\t<a href=\"https:\/\/francois-pelletant.fr\/blog\/author\/francois\/\"  rel=\"author\">Francois<\/a><a href=\"https:\/\/francois-pelletant.fr\/blog\/2017\/04\/27\/\"><time datetime=\"2017-04-27T08:23:23+00:00\" title=\"2017-04-27T08:23:23+00:00\">avril 27, 2017<\/time><\/a><a href=\"https:\/\/francois-pelletant.fr\/blog\/grande-parade-combat\/\">La Grande Parade au c\u0153ur du combat<\/a><br \/>\n\t\t\t\t\t<a href=\"https:\/\/francois-pelletant.fr\/blog\/category\/environnement\/rn20\/\">RN20<\/a>\t\t\t\t\t<a href=\"https:\/\/francois-pelletant.fr\/blog\/la-fibre-optique-va-passer-par-la-rn20\/\"><img loading=\"lazy\" decoding=\"async\" width=\"1170\" height=\"650\" src=\"https:\/\/francois-pelletant.fr\/blog\/wp-content\/uploads\/2016\/12\/IMG_3096-1170x650.jpg\" alt=\"La fibre optique va passer par la RN20\" \/><\/a>\t\t\t\t\t<a href=\"https:\/\/francois-pelletant.fr\/blog\/author\/francois\/\"  rel=\"author\">Francois<\/a><a href=\"https:\/\/francois-pelletant.fr\/blog\/2016\/12\/14\/\"><time datetime=\"2016-12-14T08:48:47+00:00\" title=\"2016-12-14T08:48:47+00:00\">d\u00e9cembre 14, 2016<\/time><\/a><a href=\"https:\/\/francois-pelletant.fr\/blog\/la-fibre-optique-va-passer-par-la-rn20\/\">La fibre optique va passer par la RN20<\/a><br \/>\n\t\t\t\t\t<a href=\"https:\/\/francois-pelletant.fr\/blog\/category\/environnement\/\">Environnement<\/a>\t\t\t\t\t<a href=\"https:\/\/francois-pelletant.fr\/blog\/linas-interdit-rn20-vacanciers-paris\/\"><img loading=\"lazy\" decoding=\"async\" width=\"1170\" height=\"650\" src=\"https:\/\/francois-pelletant.fr\/blog\/wp-content\/uploads\/2016\/07\/DSC_0649-1170x650.jpg\" alt=\"La ville de Linas interdit le passage sur la RN20 des vacanciers au d\u00e9part de Paris\" \/><\/a>\t\t\t\t\t<a href=\"https:\/\/francois-pelletant.fr\/blog\/author\/francois\/\"  rel=\"author\">Francois<\/a><a href=\"https:\/\/francois-pelletant.fr\/blog\/2016\/07\/07\/\"><time datetime=\"2016-07-07T12:06:48+00:00\" title=\"2016-07-07T12:06:48+00:00\">juillet 7, 2016<\/time><\/a><a href=\"https:\/\/francois-pelletant.fr\/blog\/linas-interdit-rn20-vacanciers-paris\/\">La ville de Linas interdit le passage sur la RN20 des vacanciers au d\u00e9part de Paris<\/a><br \/>\n\t\t\t\t\t<a href=\"https:\/\/francois-pelletant.fr\/blog\/category\/environnement\/rn20\/\">RN20<\/a>\t\t\t\t\t<a href=\"https:\/\/francois-pelletant.fr\/blog\/rn-20-nouveaux-panneaux-installes\/\"><\/a>\t\t\t\t\t<a href=\"https:\/\/francois-pelletant.fr\/blog\/author\/francois\/\"  rel=\"author\">Francois<\/a><a href=\"https:\/\/francois-pelletant.fr\/blog\/2015\/09\/11\/\"><time datetime=\"2015-09-11T10:11:57+00:00\" title=\"2015-09-11T10:11:57+00:00\">septembre 11, 2015<\/time><\/a><a href=\"https:\/\/francois-pelletant.fr\/blog\/rn-20-nouveaux-panneaux-installes\/\">RN 20 : Les nouveaux panneaux sont install\u00e9s !<\/a><br \/>\n\t\t\t\t\t<a href=\"https:\/\/francois-pelletant.fr\/blog\/category\/non-classe\/\">Non class\u00e9<\/a>\t\t\t\t\t<a href=\"https:\/\/francois-pelletant.fr\/blog\/rn-20-les-nouveaux-panneaux-sont-installes\/\"><img loading=\"lazy\" decoding=\"async\" width=\"300\" height=\"199\" src=\"https:\/\/francois-pelletant.fr\/blog\/wp-content\/uploads\/2015\/09\/panneau-100915a-300x199.jpg\" alt=\"RN 20 : Les nouveaux panneaux sont install\u00e9s !\" \/><\/a>\t\t\t\t\t<a href=\"https:\/\/francois-pelletant.fr\/blog\/author\/francois\/\"  rel=\"author\">Francois<\/a><a href=\"https:\/\/francois-pelletant.fr\/blog\/2015\/09\/11\/\"><time datetime=\"2015-09-11T09:30:50+00:00\" title=\"2015-09-11T09:30:50+00:00\">septembre 11, 2015<\/time><\/a><a href=\"https:\/\/francois-pelletant.fr\/blog\/rn-20-les-nouveaux-panneaux-sont-installes\/\">RN 20 : Les nouveaux panneaux sont install\u00e9s !<\/a><br \/>\n\t\t\t\t\t<a href=\"https:\/\/francois-pelletant.fr\/blog\/category\/environnement\/rn20\/\">RN20<\/a>\t\t\t\t\t<a href=\"https:\/\/francois-pelletant.fr\/blog\/voici-le-nouveau-panneau-rn20\/\"><img loading=\"lazy\" decoding=\"async\" width=\"300\" height=\"191\" src=\"https:\/\/francois-pelletant.fr\/blog\/wp-content\/uploads\/2015\/09\/panneaux-radars-2carlosV2-300x191.jpg\" alt=\"Voici le nouveau panneau RN20\" \/><\/a>\t\t\t\t\t<a href=\"https:\/\/francois-pelletant.fr\/blog\/author\/francois\/\"  rel=\"author\">Francois<\/a><a href=\"https:\/\/francois-pelletant.fr\/blog\/2015\/08\/27\/\"><time datetime=\"2015-08-27T09:20:04+00:00\" title=\"2015-08-27T09:20:04+00:00\">ao\u00fbt 27, 2015<\/time><\/a><a href=\"https:\/\/francois-pelletant.fr\/blog\/voici-le-nouveau-panneau-rn20\/\">Voici le nouveau panneau RN20<\/a><br \/>\n\t\t\t\t\t<a href=\"https:\/\/francois-pelletant.fr\/blog\/category\/environnement\/rn20\/\">RN20<\/a>\t\t\t\t\t<a href=\"https:\/\/francois-pelletant.fr\/blog\/de-nouveaux-panneaux-de-signalisation-du-danger-des-radars-aux-feu\/\"><img loading=\"lazy\" decoding=\"async\" width=\"181\" height=\"250\" src=\"https:\/\/francois-pelletant.fr\/blog\/wp-content\/uploads\/2015\/07\/panneau-prevenir-radar.jpg\" alt=\"De nouveaux panneaux de signalisation du danger des radars aux feu&#8230;\" \/><\/a>\t\t\t\t\t<a href=\"https:\/\/francois-pelletant.fr\/blog\/author\/francois\/\"  rel=\"author\">Francois<\/a><a href=\"https:\/\/francois-pelletant.fr\/blog\/2015\/08\/12\/\"><time datetime=\"2015-08-12T08:13:19+00:00\" title=\"2015-08-12T08:13:19+00:00\">ao\u00fbt 12, 2015<\/time><\/a><a href=\"https:\/\/francois-pelletant.fr\/blog\/de-nouveaux-panneaux-de-signalisation-du-danger-des-radars-aux-feu\/\">De nouveaux panneaux de signalisation du danger des radars aux feu&#8230;<\/a><br \/>\n\t\t\t\t\t<a href=\"https:\/\/francois-pelletant.fr\/blog\/category\/environnement\/rn20\/\">RN20<\/a>\t\t\t\t\t<a href=\"https:\/\/francois-pelletant.fr\/blog\/los-angeles-met-fin-au-radars-aux-feu-cest-pour-quand-en-france\/\"><img loading=\"lazy\" decoding=\"async\" width=\"220\" height=\"241\" src=\"https:\/\/francois-pelletant.fr\/blog\/wp-content\/uploads\/2015\/07\/radar-feu-etats-unis.jpg\" alt=\"Los Angeles met fin aux radars aux feu : c&#8217;est pour quand en France ?\" \/><\/a>\t\t\t\t\t<a href=\"https:\/\/francois-pelletant.fr\/blog\/author\/francois\/\"  rel=\"author\">Francois<\/a><a href=\"https:\/\/francois-pelletant.fr\/blog\/2015\/08\/07\/\"><time datetime=\"2015-08-07T08:01:39+00:00\" title=\"2015-08-07T08:01:39+00:00\">ao\u00fbt 7, 2015<\/time><\/a><a href=\"https:\/\/francois-pelletant.fr\/blog\/los-angeles-met-fin-au-radars-aux-feu-cest-pour-quand-en-france\/\">Los Angeles met fin aux radars aux feu : c&#8217;est pour quand en France ?<\/a><br \/>\n\t\t\t\t\t<a href=\"https:\/\/francois-pelletant.fr\/blog\/category\/environnement\/rn20\/\">RN20<\/a>\t\t\t\t\t<a href=\"https:\/\/francois-pelletant.fr\/blog\/panneau-pour-prevenir-du-danger-des-radars-la-proposition-des-gaulois\/\"><img loading=\"lazy\" decoding=\"async\" width=\"418\" height=\"283\" src=\"https:\/\/francois-pelletant.fr\/blog\/wp-content\/uploads\/2015\/07\/panneau-radar-nationale7-asterix2.jpg\" alt=\"Panneau pour pr\u00e9venir du danger des radars : la proposition des gaulois&#8230;\" srcset=\"https:\/\/francois-pelletant.fr\/blog\/wp-content\/uploads\/2015\/07\/panneau-radar-nationale7-asterix2.jpg 418w, https:\/\/francois-pelletant.fr\/blog\/wp-content\/uploads\/2015\/07\/panneau-radar-nationale7-asterix2-300x203.jpg 300w\" sizes=\"auto, (max-width: 418px) 100vw, 418px\" \/><\/a>\t\t\t\t\t<a href=\"https:\/\/francois-pelletant.fr\/blog\/author\/francois\/\"  rel=\"author\">Francois<\/a><a href=\"https:\/\/francois-pelletant.fr\/blog\/2015\/07\/30\/\"><time datetime=\"2015-07-30T08:58:23+00:00\" title=\"2015-07-30T08:58:23+00:00\">juillet 30, 2015<\/time><\/a><a href=\"https:\/\/francois-pelletant.fr\/blog\/panneau-pour-prevenir-du-danger-des-radars-la-proposition-des-gaulois\/\">Panneau pour pr\u00e9venir du danger des radars : la proposition des gaulois&#8230;<\/a><br \/>\n\t\t\t\t\t<a href=\"https:\/\/francois-pelletant.fr\/blog\/category\/environnement\/rn20\/\">RN20<\/a>\t\t\t\t\t<a href=\"https:\/\/francois-pelletant.fr\/blog\/panneaux-de-signalisation-propositions\/\"><img loading=\"lazy\" decoding=\"async\" width=\"740\" height=\"493\" src=\"https:\/\/francois-pelletant.fr\/blog\/wp-content\/uploads\/2015\/07\/panneaux-signalisation-05.jpg\" alt=\"Panneaux de signalisation : les premi\u00e8res propositions\" srcset=\"https:\/\/francois-pelletant.fr\/blog\/wp-content\/uploads\/2015\/07\/panneaux-signalisation-05.jpg 740w, https:\/\/francois-pelletant.fr\/blog\/wp-content\/uploads\/2015\/07\/panneaux-signalisation-05-300x200.jpg 300w, https:\/\/francois-pelletant.fr\/blog\/wp-content\/uploads\/2015\/07\/panneaux-signalisation-05-600x400.jpg 600w\" sizes=\"auto, (max-width: 740px) 100vw, 740px\" \/><\/a>\t\t\t\t\t<a href=\"https:\/\/francois-pelletant.fr\/blog\/author\/francois\/\"  rel=\"author\">Francois<\/a><a href=\"https:\/\/francois-pelletant.fr\/blog\/2015\/07\/22\/\"><time datetime=\"2015-07-22T08:44:19+00:00\" title=\"2015-07-22T08:44:19+00:00\">juillet 22, 2015<\/time><\/a><a href=\"https:\/\/francois-pelletant.fr\/blog\/panneaux-de-signalisation-propositions\/\">Panneaux de signalisation : les premi\u00e8res propositions<\/a><br \/>\n\t\t\t\t\t<a href=\"https:\/\/francois-pelletant.fr\/blog\/category\/environnement\/rn20\/\">RN20<\/a>\t\t\t\t\t<a href=\"https:\/\/francois-pelletant.fr\/blog\/appel-idee-de-pancarte\/\"><img loading=\"lazy\" decoding=\"async\" width=\"305\" height=\"445\" src=\"https:\/\/francois-pelletant.fr\/blog\/wp-content\/uploads\/2015\/07\/radar_automatique_souriez.jpg\" alt=\"Appel \u00e0 id\u00e9e&#8230; de pancarte\" srcset=\"https:\/\/francois-pelletant.fr\/blog\/wp-content\/uploads\/2015\/07\/radar_automatique_souriez.jpg 305w, https:\/\/francois-pelletant.fr\/blog\/wp-content\/uploads\/2015\/07\/radar_automatique_souriez-206x300.jpg 206w\" sizes=\"auto, (max-width: 305px) 100vw, 305px\" \/><\/a>\t\t\t\t\t<a href=\"https:\/\/francois-pelletant.fr\/blog\/author\/francois\/\"  rel=\"author\">Francois<\/a><a href=\"https:\/\/francois-pelletant.fr\/blog\/2015\/07\/15\/\"><time datetime=\"2015-07-15T09:02:37+00:00\" title=\"2015-07-15T09:02:37+00:00\">juillet 15, 2015<\/time><\/a><a href=\"https:\/\/francois-pelletant.fr\/blog\/appel-idee-de-pancarte\/\">Appel \u00e0 id\u00e9e&#8230; de pancarte<\/a><br \/>\n\t\t\t\t\t<a href=\"https:\/\/francois-pelletant.fr\/blog\/category\/environnement\/rn20\/\">RN20<\/a>\t\t\t\t\t<a href=\"https:\/\/francois-pelletant.fr\/blog\/signalement-danger-radars\/\"><img loading=\"lazy\" decoding=\"async\" width=\"710\" height=\"650\" src=\"https:\/\/francois-pelletant.fr\/blog\/wp-content\/uploads\/2015\/07\/panneau-sud-linas-710x650.jpg\" alt=\"Signalement du danger aux radars : soutien de l&#8217;association &quot;A10 Gratuite&quot;\" \/><\/a>\t\t\t\t\t<a href=\"https:\/\/francois-pelletant.fr\/blog\/author\/francois\/\"  rel=\"author\">Francois<\/a><a href=\"https:\/\/francois-pelletant.fr\/blog\/2015\/07\/13\/\"><time datetime=\"2015-07-13T12:03:05+00:00\" title=\"2015-07-13T12:03:05+00:00\">juillet 13, 2015<\/time><\/a><a href=\"https:\/\/francois-pelletant.fr\/blog\/signalement-danger-radars\/\">Signalement du danger aux radars : soutien de l&#8217;association &quot;A10 Gratuite&quot;<\/a><br \/>\n\t\t\t\t\t<a href=\"https:\/\/francois-pelletant.fr\/blog\/category\/environnement\/rn20\/\">RN20<\/a>\t\t\t\t\t<a href=\"https:\/\/francois-pelletant.fr\/blog\/extinction-des-feux\/\"><img loading=\"lazy\" decoding=\"async\" width=\"710\" height=\"650\" src=\"https:\/\/francois-pelletant.fr\/blog\/wp-content\/uploads\/2015\/07\/panneau-sud-linas-710x650.jpg\" alt=\"Extinction des feux\" \/><\/a>\t\t\t\t\t<a href=\"https:\/\/francois-pelletant.fr\/blog\/author\/francois\/\"  rel=\"author\">Francois<\/a><a href=\"https:\/\/francois-pelletant.fr\/blog\/2015\/07\/03\/\"><time datetime=\"2015-07-03T08:51:17+00:00\" title=\"2015-07-03T08:51:17+00:00\">juillet 3, 2015<\/time><\/a><a href=\"https:\/\/francois-pelletant.fr\/blog\/extinction-des-feux\/\">Extinction des feux<\/a><br \/>\n\t\t\t\t\t<a href=\"https:\/\/francois-pelletant.fr\/blog\/category\/prises-de-positions\/\">Prises de positions<\/a>\t\t\t\t\t<a href=\"https:\/\/francois-pelletant.fr\/blog\/hotel-commissariat\/\"><img loading=\"lazy\" decoding=\"async\" width=\"511\" height=\"650\" src=\"https:\/\/francois-pelletant.fr\/blog\/wp-content\/uploads\/2015\/07\/DSC_5791-511x650.jpg\" alt=\"H\u00f4tel commissariat\" \/><\/a>\t\t\t\t\t<a href=\"https:\/\/francois-pelletant.fr\/blog\/author\/francois\/\"  rel=\"author\">Francois<\/a><a href=\"https:\/\/francois-pelletant.fr\/blog\/2015\/07\/01\/\"><time datetime=\"2015-07-01T14:28:01+00:00\" title=\"2015-07-01T14:28:01+00:00\">juillet 1, 2015<\/time><\/a><a href=\"https:\/\/francois-pelletant.fr\/blog\/hotel-commissariat\/\">H\u00f4tel commissariat<\/a><br \/>\n\t\t\t\t\t<a href=\"https:\/\/francois-pelletant.fr\/blog\/category\/environnement\/rn20\/\">RN20<\/a>\t\t\t\t\t<a href=\"https:\/\/francois-pelletant.fr\/blog\/non-aux-radars-de-feu-rouge\/\"><img loading=\"lazy\" decoding=\"async\" width=\"1170\" height=\"650\" src=\"https:\/\/francois-pelletant.fr\/blog\/wp-content\/uploads\/2015\/06\/pelletant-et-bayard-250615-1170x650.jpg\" alt=\"Non aux radars de feux rouges : d\u00e9j\u00e0 52.694 soutiens !\" \/><\/a>\t\t\t\t\t<a href=\"https:\/\/francois-pelletant.fr\/blog\/author\/francois\/\"  rel=\"author\">Francois<\/a><a href=\"https:\/\/francois-pelletant.fr\/blog\/2015\/06\/26\/\"><time datetime=\"2015-06-26T10:49:28+00:00\" title=\"2015-06-26T10:49:28+00:00\">juin 26, 2015<\/time><\/a><a href=\"https:\/\/francois-pelletant.fr\/blog\/non-aux-radars-de-feu-rouge\/\">Non aux radars de feux rouges : d\u00e9j\u00e0 52.694 soutiens !<\/a><br \/>\n\t\t\t\t\t<a href=\"https:\/\/francois-pelletant.fr\/blog\/category\/environnement\/rn20\/\">RN20<\/a>\t\t\t\t\t<a href=\"https:\/\/francois-pelletant.fr\/blog\/operation-de-sensibilisation-sur-la-rn20\/\"><img loading=\"lazy\" decoding=\"async\" width=\"450\" height=\"302\" src=\"https:\/\/francois-pelletant.fr\/blog\/wp-content\/uploads\/2015\/06\/rn20.jpg\" alt=\"Op\u00e9ration de sensibilisation sur la RN20\" srcset=\"https:\/\/francois-pelletant.fr\/blog\/wp-content\/uploads\/2015\/06\/rn20.jpg 450w, https:\/\/francois-pelletant.fr\/blog\/wp-content\/uploads\/2015\/06\/rn20-300x201.jpg 300w\" sizes=\"auto, (max-width: 450px) 100vw, 450px\" \/><\/a>\t\t\t\t\t<a href=\"https:\/\/francois-pelletant.fr\/blog\/author\/francois\/\"  rel=\"author\">Francois<\/a><a href=\"https:\/\/francois-pelletant.fr\/blog\/2015\/06\/17\/\"><time datetime=\"2015-06-17T09:19:50+00:00\" title=\"2015-06-17T09:19:50+00:00\">juin 17, 2015<\/time><\/a><a href=\"https:\/\/francois-pelletant.fr\/blog\/operation-de-sensibilisation-sur-la-rn20\/\">Op\u00e9ration de sensibilisation sur la RN20<\/a><br \/>\n\t\t\t\t\t<a href=\"https:\/\/francois-pelletant.fr\/blog\/category\/environnement\/rn20\/\">RN20<\/a>\t\t\t\t\t<a href=\"https:\/\/francois-pelletant.fr\/blog\/la-ligue-de-defense-des-conducteurs-apporte-son-soutien-rn-20\/\"><img loading=\"lazy\" decoding=\"async\" width=\"709\" height=\"650\" src=\"https:\/\/francois-pelletant.fr\/blog\/wp-content\/uploads\/2015\/06\/panneau-web-linas-rn20-709x650.jpg\" alt=\"La Ligue de d\u00e9fense des conducteurs apporte son soutien \/ RN 20\" \/><\/a>\t\t\t\t\t<a href=\"https:\/\/francois-pelletant.fr\/blog\/author\/francois\/\"  rel=\"author\">Francois<\/a><a href=\"https:\/\/francois-pelletant.fr\/blog\/2015\/06\/11\/\"><time datetime=\"2015-06-11T09:52:38+00:00\" title=\"2015-06-11T09:52:38+00:00\">juin 11, 2015<\/time><\/a><a href=\"https:\/\/francois-pelletant.fr\/blog\/la-ligue-de-defense-des-conducteurs-apporte-son-soutien-rn-20\/\">La Ligue de d\u00e9fense des conducteurs apporte son soutien \/ RN 20<\/a><\/i><\/p>\n","protected":false},"excerpt":{"rendered":"<p>Play Video ACCUEIL 14-18 en 3D ME CONNAITRE ME RENCONTRER Mon \u00c9quipe mercredi, 8 juillet, 2020 A lire absolument &#8220;,&#8221;nextArrow&#8221;:&#8221;&#8220;,&#8221;autoplay&#8221;:true,&#8221;autoplaySpeed&#8221;:5000}&#8217; dir=&#8221;ltr&#8221; data-typing=&#8221;1&#8243;> Voil\u00e0 l&#8217;urbanisme &#8220;Autrement&#8221; Quand les policiers font de la politique, \u00e7a part en live ! LA MAIRIE D\u00c9STABILIS\u00c9E CORONAVIRUS : LES LINOIS ONT \u00c9T\u00c9 FORMIDABLES La RN 20 TousRN20 RN20 Francoisf\u00e9vrier 19, 2018Linas [&hellip;]<\/p>\n","protected":false},"author":2,"featured_media":0,"parent":0,"menu_order":0,"comment_status":"closed","ping_status":"closed","template":"elementor_canvas","meta":{"footnotes":""},"class_list":["post-13381","page","type-page","status-publish","hentry"],"yoast_head":"<!-- This site is optimized with the Yoast SEO plugin v25.6 - https:\/\/yoast.com\/wordpress\/plugins\/seo\/ -->\n<title>La RN20 - Fran\u00e7ois Pelletant<\/title>\n<meta name=\"robots\" content=\"index, follow, max-snippet:-1, max-image-preview:large, max-video-preview:-1\" \/>\n<link rel=\"canonical\" href=\"https:\/\/francois-pelletant.fr\/blog\/la-rn20\/\" \/>\n<meta property=\"og:locale\" content=\"fr_FR\" \/>\n<meta property=\"og:type\" content=\"article\" \/>\n<meta property=\"og:title\" content=\"La RN20 - Fran\u00e7ois Pelletant\" \/>\n<meta property=\"og:description\" content=\"Play Video ACCUEIL 14-18 en 3D ME CONNAITRE ME RENCONTRER Mon \u00c9quipe mercredi, 8 juillet, 2020 A lire absolument &#8220;,&#8221;nextArrow&#8221;:&#8221;&#8220;,&#8221;autoplay&#8221;:true,&#8221;autoplaySpeed&#8221;:5000}&#8217; dir=&#8221;ltr&#8221; data-typing=&#8221;1&#8243;&gt; Voil\u00e0 l&#8217;urbanisme &#8220;Autrement&#8221; Quand les policiers font de la politique, \u00e7a part en live ! LA MAIRIE D\u00c9STABILIS\u00c9E CORONAVIRUS : LES LINOIS ONT \u00c9T\u00c9 FORMIDABLES La RN 20 TousRN20 RN20 Francoisf\u00e9vrier 19, 2018Linas [&hellip;]\" \/>\n<meta property=\"og:url\" content=\"https:\/\/francois-pelletant.fr\/blog\/la-rn20\/\" \/>\n<meta property=\"og:site_name\" content=\"Fran\u00e7ois Pelletant\" \/>\n<meta property=\"article:publisher\" content=\"https:\/\/www.facebook.com\/francois.pelletant.7\" \/>\n<meta property=\"article:modified_time\" content=\"2020-07-08T21:56:45+00:00\" \/>\n<meta property=\"og:image\" content=\"https:\/\/francois-pelletant.fr\/blog\/wp-content\/uploads\/2018\/08\/bg_headerFP6-parallax.png\" \/>\n<meta name=\"twitter:card\" content=\"summary_large_image\" \/>\n<meta name=\"twitter:site\" content=\"@pelletant\" \/>\n<meta name=\"twitter:label1\" content=\"Dur\u00e9e de lecture estim\u00e9e\" \/>\n\t<meta name=\"twitter:data1\" content=\"1 minute\" \/>\n<script type=\"application\/ld+json\" class=\"yoast-schema-graph\">{\"@context\":\"https:\/\/schema.org\",\"@graph\":[{\"@type\":\"WebPage\",\"@id\":\"https:\/\/francois-pelletant.fr\/blog\/la-rn20\/\",\"url\":\"https:\/\/francois-pelletant.fr\/blog\/la-rn20\/\",\"name\":\"La RN20 - Fran\u00e7ois Pelletant\",\"isPartOf\":{\"@id\":\"https:\/\/francois-pelletant.fr\/blog\/#website\"},\"primaryImageOfPage\":{\"@id\":\"https:\/\/francois-pelletant.fr\/blog\/la-rn20\/#primaryimage\"},\"image\":{\"@id\":\"https:\/\/francois-pelletant.fr\/blog\/la-rn20\/#primaryimage\"},\"thumbnailUrl\":\"https:\/\/francois-pelletant.fr\/blog\/wp-content\/uploads\/2018\/08\/bg_headerFP6-parallax.png\",\"datePublished\":\"2020-07-08T21:55:19+00:00\",\"dateModified\":\"2020-07-08T21:56:45+00:00\",\"breadcrumb\":{\"@id\":\"https:\/\/francois-pelletant.fr\/blog\/la-rn20\/#breadcrumb\"},\"inLanguage\":\"fr-FR\",\"potentialAction\":[{\"@type\":\"ReadAction\",\"target\":[\"https:\/\/francois-pelletant.fr\/blog\/la-rn20\/\"]}]},{\"@type\":\"ImageObject\",\"inLanguage\":\"fr-FR\",\"@id\":\"https:\/\/francois-pelletant.fr\/blog\/la-rn20\/#primaryimage\",\"url\":\"https:\/\/francois-pelletant.fr\/blog\/wp-content\/uploads\/2018\/08\/bg_headerFP6-parallax.png\",\"contentUrl\":\"https:\/\/francois-pelletant.fr\/blog\/wp-content\/uploads\/2018\/08\/bg_headerFP6-parallax.png\",\"width\":595,\"height\":392},{\"@type\":\"BreadcrumbList\",\"@id\":\"https:\/\/francois-pelletant.fr\/blog\/la-rn20\/#breadcrumb\",\"itemListElement\":[{\"@type\":\"ListItem\",\"position\":1,\"name\":\"Accueil\",\"item\":\"https:\/\/francois-pelletant.fr\/blog\/\"},{\"@type\":\"ListItem\",\"position\":2,\"name\":\"La RN20\"}]},{\"@type\":\"WebSite\",\"@id\":\"https:\/\/francois-pelletant.fr\/blog\/#website\",\"url\":\"https:\/\/francois-pelletant.fr\/blog\/\",\"name\":\"Fran\u00e7ois Pelletant\",\"description\":\"Maire de Linas, pour toujours.\",\"publisher\":{\"@id\":\"https:\/\/francois-pelletant.fr\/blog\/#organization\"},\"potentialAction\":[{\"@type\":\"SearchAction\",\"target\":{\"@type\":\"EntryPoint\",\"urlTemplate\":\"https:\/\/francois-pelletant.fr\/blog\/?s={search_term_string}\"},\"query-input\":{\"@type\":\"PropertyValueSpecification\",\"valueRequired\":true,\"valueName\":\"search_term_string\"}}],\"inLanguage\":\"fr-FR\"},{\"@type\":\"Organization\",\"@id\":\"https:\/\/francois-pelletant.fr\/blog\/#organization\",\"name\":\"Fran\u00e7ois Pelletant\",\"url\":\"https:\/\/francois-pelletant.fr\/blog\/\",\"logo\":{\"@type\":\"ImageObject\",\"inLanguage\":\"fr-FR\",\"@id\":\"https:\/\/francois-pelletant.fr\/blog\/#\/schema\/logo\/image\/\",\"url\":\"https:\/\/francois-pelletant.fr\/blog\/wp-content\/uploads\/2024\/07\/icone-francois-centre-500p.png\",\"contentUrl\":\"https:\/\/francois-pelletant.fr\/blog\/wp-content\/uploads\/2024\/07\/icone-francois-centre-500p.png\",\"width\":559,\"height\":447,\"caption\":\"Fran\u00e7ois Pelletant\"},\"image\":{\"@id\":\"https:\/\/francois-pelletant.fr\/blog\/#\/schema\/logo\/image\/\"},\"sameAs\":[\"https:\/\/www.facebook.com\/francois.pelletant.7\",\"https:\/\/x.com\/pelletant\"]}]}<\/script>\n<!-- \/ Yoast SEO plugin. -->","yoast_head_json":{"title":"La RN20 - Fran\u00e7ois Pelletant","robots":{"index":"index","follow":"follow","max-snippet":"max-snippet:-1","max-image-preview":"max-image-preview:large","max-video-preview":"max-video-preview:-1"},"canonical":"https:\/\/francois-pelletant.fr\/blog\/la-rn20\/","og_locale":"fr_FR","og_type":"article","og_title":"La RN20 - Fran\u00e7ois Pelletant","og_description":"Play Video ACCUEIL 14-18 en 3D ME CONNAITRE ME RENCONTRER Mon \u00c9quipe mercredi, 8 juillet, 2020 A lire absolument &#8220;,&#8221;nextArrow&#8221;:&#8221;&#8220;,&#8221;autoplay&#8221;:true,&#8221;autoplaySpeed&#8221;:5000}&#8217; dir=&#8221;ltr&#8221; data-typing=&#8221;1&#8243;> Voil\u00e0 l&#8217;urbanisme &#8220;Autrement&#8221; Quand les policiers font de la politique, \u00e7a part en live ! LA MAIRIE D\u00c9STABILIS\u00c9E CORONAVIRUS : LES LINOIS ONT \u00c9T\u00c9 FORMIDABLES La RN 20 TousRN20 RN20 Francoisf\u00e9vrier 19, 2018Linas [&hellip;]","og_url":"https:\/\/francois-pelletant.fr\/blog\/la-rn20\/","og_site_name":"Fran\u00e7ois Pelletant","article_publisher":"https:\/\/www.facebook.com\/francois.pelletant.7","article_modified_time":"2020-07-08T21:56:45+00:00","og_image":[{"url":"https:\/\/francois-pelletant.fr\/blog\/wp-content\/uploads\/2018\/08\/bg_headerFP6-parallax.png","type":"","width":"","height":""}],"twitter_card":"summary_large_image","twitter_site":"@pelletant","twitter_misc":{"Dur\u00e9e de lecture estim\u00e9e":"1 minute"},"schema":{"@context":"https:\/\/schema.org","@graph":[{"@type":"WebPage","@id":"https:\/\/francois-pelletant.fr\/blog\/la-rn20\/","url":"https:\/\/francois-pelletant.fr\/blog\/la-rn20\/","name":"La RN20 - Fran\u00e7ois Pelletant","isPartOf":{"@id":"https:\/\/francois-pelletant.fr\/blog\/#website"},"primaryImageOfPage":{"@id":"https:\/\/francois-pelletant.fr\/blog\/la-rn20\/#primaryimage"},"image":{"@id":"https:\/\/francois-pelletant.fr\/blog\/la-rn20\/#primaryimage"},"thumbnailUrl":"https:\/\/francois-pelletant.fr\/blog\/wp-content\/uploads\/2018\/08\/bg_headerFP6-parallax.png","datePublished":"2020-07-08T21:55:19+00:00","dateModified":"2020-07-08T21:56:45+00:00","breadcrumb":{"@id":"https:\/\/francois-pelletant.fr\/blog\/la-rn20\/#breadcrumb"},"inLanguage":"fr-FR","potentialAction":[{"@type":"ReadAction","target":["https:\/\/francois-pelletant.fr\/blog\/la-rn20\/"]}]},{"@type":"ImageObject","inLanguage":"fr-FR","@id":"https:\/\/francois-pelletant.fr\/blog\/la-rn20\/#primaryimage","url":"https:\/\/francois-pelletant.fr\/blog\/wp-content\/uploads\/2018\/08\/bg_headerFP6-parallax.png","contentUrl":"https:\/\/francois-pelletant.fr\/blog\/wp-content\/uploads\/2018\/08\/bg_headerFP6-parallax.png","width":595,"height":392},{"@type":"BreadcrumbList","@id":"https:\/\/francois-pelletant.fr\/blog\/la-rn20\/#breadcrumb","itemListElement":[{"@type":"ListItem","position":1,"name":"Accueil","item":"https:\/\/francois-pelletant.fr\/blog\/"},{"@type":"ListItem","position":2,"name":"La RN20"}]},{"@type":"WebSite","@id":"https:\/\/francois-pelletant.fr\/blog\/#website","url":"https:\/\/francois-pelletant.fr\/blog\/","name":"Fran\u00e7ois Pelletant","description":"Maire de Linas, pour toujours.","publisher":{"@id":"https:\/\/francois-pelletant.fr\/blog\/#organization"},"potentialAction":[{"@type":"SearchAction","target":{"@type":"EntryPoint","urlTemplate":"https:\/\/francois-pelletant.fr\/blog\/?s={search_term_string}"},"query-input":{"@type":"PropertyValueSpecification","valueRequired":true,"valueName":"search_term_string"}}],"inLanguage":"fr-FR"},{"@type":"Organization","@id":"https:\/\/francois-pelletant.fr\/blog\/#organization","name":"Fran\u00e7ois Pelletant","url":"https:\/\/francois-pelletant.fr\/blog\/","logo":{"@type":"ImageObject","inLanguage":"fr-FR","@id":"https:\/\/francois-pelletant.fr\/blog\/#\/schema\/logo\/image\/","url":"https:\/\/francois-pelletant.fr\/blog\/wp-content\/uploads\/2024\/07\/icone-francois-centre-500p.png","contentUrl":"https:\/\/francois-pelletant.fr\/blog\/wp-content\/uploads\/2024\/07\/icone-francois-centre-500p.png","width":559,"height":447,"caption":"Fran\u00e7ois Pelletant"},"image":{"@id":"https:\/\/francois-pelletant.fr\/blog\/#\/schema\/logo\/image\/"},"sameAs":["https:\/\/www.facebook.com\/francois.pelletant.7","https:\/\/x.com\/pelletant"]}]}},"_links":{"self":[{"href":"https:\/\/francois-pelletant.fr\/blog\/wp-json\/wp\/v2\/pages\/13381","targetHints":{"allow":["GET"]}}],"collection":[{"href":"https:\/\/francois-pelletant.fr\/blog\/wp-json\/wp\/v2\/pages"}],"about":[{"href":"https:\/\/francois-pelletant.fr\/blog\/wp-json\/wp\/v2\/types\/page"}],"author":[{"embeddable":true,"href":"https:\/\/francois-pelletant.fr\/blog\/wp-json\/wp\/v2\/users\/2"}],"replies":[{"embeddable":true,"href":"https:\/\/francois-pelletant.fr\/blog\/wp-json\/wp\/v2\/comments?post=13381"}],"version-history":[{"count":0,"href":"https:\/\/francois-pelletant.fr\/blog\/wp-json\/wp\/v2\/pages\/13381\/revisions"}],"wp:attachment":[{"href":"https:\/\/francois-pelletant.fr\/blog\/wp-json\/wp\/v2\/media?parent=13381"}],"curies":[{"name":"wp","href":"https:\/\/api.w.org\/{rel}","templated":true}]}}