{"id":13557,"date":"2024-07-14T23:59:54","date_gmt":"2024-07-14T23:59:54","guid":{"rendered":"https:\/\/francois-pelletant.fr\/blog\/?page_id=13557"},"modified":"2024-07-14T23:59:54","modified_gmt":"2024-07-14T23:59:54","slug":"cgu","status":"publish","type":"page","link":"https:\/\/francois-pelletant.fr\/blog\/cgu\/","title":{"rendered":"Conditions G\u00e9n\u00e9rales d&#8217;Utilisation"},"content":{"rendered":"\n<h1 class=\"wp-block-heading\">Conditions G\u00e9n\u00e9rales d&#8217;Utilisation<\/h1>\n\n\n\n<h2 class=\"wp-block-heading\">1. Pr\u00e9sentation du site<\/h2>\n\n\n\n<p>Le pr\u00e9sent document a pour objet de d\u00e9finir les modalit\u00e9s et conditions dans lesquelles d&#8217;une part, Fran\u00e7ois Pelletant (ci-apr\u00e8s d\u00e9nomm\u00e9 &#8220;l&#8217;\u00c9diteur&#8221;), met \u00e0 disposition de ses utilisateurs le site internet <a href=\"http:\/\/www.francois-pelletant.fr\">www.francois-pelletant.fr<\/a> (ci-apr\u00e8s d\u00e9nomm\u00e9 &#8220;le Site&#8221;), et d&#8217;autre part, la mani\u00e8re par laquelle l&#8217;utilisateur acc\u00e8de au Site et utilise ses services.<\/p>\n\n\n\n<h2 class=\"wp-block-heading\">2. Acceptation des CGU<\/h2>\n\n\n\n<p>L&#8217;utilisation du Site est subordonn\u00e9e \u00e0 l&#8217;acceptation sans r\u00e9serve des pr\u00e9sentes CGU par l&#8217;utilisateur. En acc\u00e9dant au Site, l&#8217;utilisateur reconna\u00eet avoir pris connaissance et accept\u00e9 les pr\u00e9sentes CGU.<\/p>\n\n\n\n<h2 class=\"wp-block-heading\">3. Acc\u00e8s au site<\/h2>\n\n\n\n<p>L&#8217;\u00c9diteur s&#8217;efforce de permettre l&#8217;acc\u00e8s au Site 24 heures sur 24, 7 jours sur 7, sauf en cas de force majeure ou d&#8217;un \u00e9v\u00e9nement hors du contr\u00f4le de l&#8217;\u00c9diteur, et sous r\u00e9serve des \u00e9ventuelles pannes et interventions de maintenance n\u00e9cessaires au bon fonctionnement du Site et des services. Par cons\u00e9quent, l&#8217;\u00c9diteur ne peut garantir une disponibilit\u00e9 du Site et\/ou des services, une fiabilit\u00e9 des transmissions et des performances en termes de temps de r\u00e9ponse ou de qualit\u00e9. Aucune assistance technique n&#8217;est pr\u00e9vue vis-\u00e0-vis de l&#8217;utilisateur que ce soit par des moyens \u00e9lectronique ou t\u00e9l\u00e9phonique.<\/p>\n\n\n\n<h2 class=\"wp-block-heading\">4. Contenu du site<\/h2>\n\n\n\n<p>Le Site est mis \u00e0 jour r\u00e9guli\u00e8rement par l&#8217;\u00c9diteur. Fran\u00e7ois Pelletant s\u2019efforce de fournir sur le Site des informations aussi pr\u00e9cises que possible. Toutefois, l&#8217;\u00c9diteur ne saurait garantir l&#8217;exactitude, la compl\u00e9tude, et l&#8217;actualit\u00e9 des informations diffus\u00e9es sur le Site. En cons\u00e9quence, l&#8217;utilisateur reconna\u00eet utiliser ces informations sous sa responsabilit\u00e9 exclusive.<\/p>\n\n\n\n<h2 class=\"wp-block-heading\">5. Propri\u00e9t\u00e9 intellectuelle<\/h2>\n\n\n\n<p>Le Site, ainsi que son contenu (textes, images, vid\u00e9os, etc.), sont prot\u00e9g\u00e9s par le droit de la propri\u00e9t\u00e9 intellectuelle. Toute reproduction, repr\u00e9sentation, modification, publication, adaptation de tout ou partie des \u00e9l\u00e9ments du Site, quel que soit le moyen ou le proc\u00e9d\u00e9 utilis\u00e9, est interdite, sauf autorisation \u00e9crite pr\u00e9alable de l&#8217;\u00c9diteur.<\/p>\n\n\n\n<h2 class=\"wp-block-heading\">6. Responsabilit\u00e9<\/h2>\n\n\n\n<p>L&#8217;\u00c9diteur ne peut \u00eatre tenu responsable des dommages directs ou indirects caus\u00e9s au mat\u00e9riel de l&#8217;utilisateur, lors de l&#8217;acc\u00e8s au Site. L&#8217;utilisateur s&#8217;engage \u00e0 acc\u00e9der au Site en utilisant un mat\u00e9riel r\u00e9cent, ne contenant pas de virus et avec un navigateur de derni\u00e8re g\u00e9n\u00e9ration mis-\u00e0-jour.<\/p>\n\n\n\n<h2 class=\"wp-block-heading\">7. Liens hypertextes<\/h2>\n\n\n\n<p>Le Site peut contenir des liens hypertextes vers d&#8217;autres sites pr\u00e9sents sur le r\u00e9seau Internet. Les liens vers ces autres ressources vous font quitter le Site <a href=\"http:\/\/www.francois-pelletant.fr\">www.francois-pelletant.fr<\/a>. L&#8217;\u00c9diteur n&#8217;est pas responsable du contenu ou du fonctionnement de ces sites tiers.<\/p>\n\n\n\n<h2 class=\"wp-block-heading\">8. Protection des donn\u00e9es personnelles<\/h2>\n\n\n\n<p>Les informations personnelles pouvant \u00eatre recueillies sur le Site sont principalement utilis\u00e9es par l&#8217;\u00c9diteur pour la gestion des relations avec l&#8217;utilisateur. Conform\u00e9ment \u00e0 la loi Informatique et Libert\u00e9s, vous disposez d&#8217;un droit d&#8217;acc\u00e8s, de rectification et de suppression des donn\u00e9es vous concernant en adressant votre demande par courrier \u00e9lectronique \u00e0 l&#8217;adresse suivante : <a>contact@francois-pelletant.fr<\/a>.<\/p>\n\n\n\n<h2 class=\"wp-block-heading\">9. Modification des CGU<\/h2>\n\n\n\n<p>L&#8217;\u00c9diteur se r\u00e9serve le droit de modifier \u00e0 tout moment les pr\u00e9sentes CGU. Les modifications seront port\u00e9es \u00e0 la connaissance des utilisateurs par leur mise en ligne sur le Site.<\/p>\n\n\n\n<h2 class=\"wp-block-heading\">10. Droit applicable et juridiction comp\u00e9tente<\/h2>\n\n\n\n<p>Les pr\u00e9sentes CGU sont r\u00e9gies par la loi fran\u00e7aise. Tout litige relatif \u00e0 l&#8217;utilisation du Site sera soumis \u00e0 la comp\u00e9tence exclusive des tribunaux fran\u00e7ais.<\/p>\n","protected":false},"excerpt":{"rendered":"<p>Conditions G\u00e9n\u00e9rales d&#8217;Utilisation 1. Pr\u00e9sentation du site Le pr\u00e9sent document a pour objet de d\u00e9finir les modalit\u00e9s et conditions dans lesquelles d&#8217;une part, Fran\u00e7ois Pelletant (ci-apr\u00e8s d\u00e9nomm\u00e9 &#8220;l&#8217;\u00c9diteur&#8221;), met \u00e0 disposition de ses utilisateurs le site internet www.francois-pelletant.fr (ci-apr\u00e8s d\u00e9nomm\u00e9 &#8220;le Site&#8221;), et d&#8217;autre part, la mani\u00e8re par laquelle l&#8217;utilisateur acc\u00e8de au Site et utilise [&hellip;]<\/p>\n","protected":false},"author":2,"featured_media":13371,"parent":0,"menu_order":0,"comment_status":"closed","ping_status":"closed","template":"","meta":{"footnotes":""},"class_list":["post-13557","page","type-page","status-publish","has-post-thumbnail","hentry"],"yoast_head":"<!-- This site is optimized with the Yoast SEO plugin v25.6 - https:\/\/yoast.com\/wordpress\/plugins\/seo\/ -->\n<title>Conditions G\u00e9n\u00e9rales d&#039;Utilisation - Fran\u00e7ois Pelletant<\/title>\n<meta name=\"robots\" content=\"index, follow, max-snippet:-1, max-image-preview:large, max-video-preview:-1\" \/>\n<link rel=\"canonical\" href=\"https:\/\/francois-pelletant.fr\/blog\/cgu\/\" \/>\n<meta property=\"og:locale\" content=\"fr_FR\" \/>\n<meta property=\"og:type\" content=\"article\" \/>\n<meta property=\"og:title\" content=\"Conditions G\u00e9n\u00e9rales d&#039;Utilisation - Fran\u00e7ois Pelletant\" \/>\n<meta property=\"og:description\" content=\"Conditions G\u00e9n\u00e9rales d&#8217;Utilisation 1. Pr\u00e9sentation du site Le pr\u00e9sent document a pour objet de d\u00e9finir les modalit\u00e9s et conditions dans lesquelles d&#8217;une part, Fran\u00e7ois Pelletant (ci-apr\u00e8s d\u00e9nomm\u00e9 &#8220;l&#8217;\u00c9diteur&#8221;), met \u00e0 disposition de ses utilisateurs le site internet www.francois-pelletant.fr (ci-apr\u00e8s d\u00e9nomm\u00e9 &#8220;le Site&#8221;), et d&#8217;autre part, la mani\u00e8re par laquelle l&#8217;utilisateur acc\u00e8de au Site et utilise [&hellip;]\" \/>\n<meta property=\"og:url\" content=\"https:\/\/francois-pelletant.fr\/blog\/cgu\/\" \/>\n<meta property=\"og:site_name\" content=\"Fran\u00e7ois Pelletant\" \/>\n<meta property=\"article:publisher\" content=\"https:\/\/www.facebook.com\/francois.pelletant.7\" \/>\n<meta property=\"og:image\" content=\"https:\/\/francois-pelletant.fr\/blog\/wp-content\/uploads\/2020\/07\/L\u00e9gislatives-2017.jpg\" \/>\n\t<meta property=\"og:image:width\" content=\"2486\" \/>\n\t<meta property=\"og:image:height\" content=\"1865\" \/>\n\t<meta property=\"og:image:type\" content=\"image\/jpeg\" \/>\n<meta name=\"twitter:card\" content=\"summary_large_image\" \/>\n<meta name=\"twitter:site\" content=\"@pelletant\" \/>\n<meta name=\"twitter:label1\" content=\"Dur\u00e9e de lecture estim\u00e9e\" \/>\n\t<meta name=\"twitter:data1\" content=\"3 minutes\" \/>\n<script type=\"application\/ld+json\" class=\"yoast-schema-graph\">{\"@context\":\"https:\/\/schema.org\",\"@graph\":[{\"@type\":\"WebPage\",\"@id\":\"https:\/\/francois-pelletant.fr\/blog\/cgu\/\",\"url\":\"https:\/\/francois-pelletant.fr\/blog\/cgu\/\",\"name\":\"Conditions G\u00e9n\u00e9rales d'Utilisation - Fran\u00e7ois Pelletant\",\"isPartOf\":{\"@id\":\"https:\/\/francois-pelletant.fr\/blog\/#website\"},\"primaryImageOfPage\":{\"@id\":\"https:\/\/francois-pelletant.fr\/blog\/cgu\/#primaryimage\"},\"image\":{\"@id\":\"https:\/\/francois-pelletant.fr\/blog\/cgu\/#primaryimage\"},\"thumbnailUrl\":\"https:\/\/francois-pelletant.fr\/blog\/wp-content\/uploads\/2020\/07\/L\u00e9gislatives-2017.jpg\",\"datePublished\":\"2024-07-14T23:59:54+00:00\",\"breadcrumb\":{\"@id\":\"https:\/\/francois-pelletant.fr\/blog\/cgu\/#breadcrumb\"},\"inLanguage\":\"fr-FR\",\"potentialAction\":[{\"@type\":\"ReadAction\",\"target\":[\"https:\/\/francois-pelletant.fr\/blog\/cgu\/\"]}]},{\"@type\":\"ImageObject\",\"inLanguage\":\"fr-FR\",\"@id\":\"https:\/\/francois-pelletant.fr\/blog\/cgu\/#primaryimage\",\"url\":\"https:\/\/francois-pelletant.fr\/blog\/wp-content\/uploads\/2020\/07\/L\u00e9gislatives-2017.jpg\",\"contentUrl\":\"https:\/\/francois-pelletant.fr\/blog\/wp-content\/uploads\/2020\/07\/L\u00e9gislatives-2017.jpg\",\"width\":2486,\"height\":1865},{\"@type\":\"BreadcrumbList\",\"@id\":\"https:\/\/francois-pelletant.fr\/blog\/cgu\/#breadcrumb\",\"itemListElement\":[{\"@type\":\"ListItem\",\"position\":1,\"name\":\"Accueil\",\"item\":\"https:\/\/francois-pelletant.fr\/blog\/\"},{\"@type\":\"ListItem\",\"position\":2,\"name\":\"Conditions G\u00e9n\u00e9rales d&#8217;Utilisation\"}]},{\"@type\":\"WebSite\",\"@id\":\"https:\/\/francois-pelletant.fr\/blog\/#website\",\"url\":\"https:\/\/francois-pelletant.fr\/blog\/\",\"name\":\"Fran\u00e7ois Pelletant\",\"description\":\"Maire de Linas, pour toujours.\",\"publisher\":{\"@id\":\"https:\/\/francois-pelletant.fr\/blog\/#organization\"},\"potentialAction\":[{\"@type\":\"SearchAction\",\"target\":{\"@type\":\"EntryPoint\",\"urlTemplate\":\"https:\/\/francois-pelletant.fr\/blog\/?s={search_term_string}\"},\"query-input\":{\"@type\":\"PropertyValueSpecification\",\"valueRequired\":true,\"valueName\":\"search_term_string\"}}],\"inLanguage\":\"fr-FR\"},{\"@type\":\"Organization\",\"@id\":\"https:\/\/francois-pelletant.fr\/blog\/#organization\",\"name\":\"Fran\u00e7ois Pelletant\",\"url\":\"https:\/\/francois-pelletant.fr\/blog\/\",\"logo\":{\"@type\":\"ImageObject\",\"inLanguage\":\"fr-FR\",\"@id\":\"https:\/\/francois-pelletant.fr\/blog\/#\/schema\/logo\/image\/\",\"url\":\"https:\/\/francois-pelletant.fr\/blog\/wp-content\/uploads\/2024\/07\/icone-francois-centre-500p.png\",\"contentUrl\":\"https:\/\/francois-pelletant.fr\/blog\/wp-content\/uploads\/2024\/07\/icone-francois-centre-500p.png\",\"width\":559,\"height\":447,\"caption\":\"Fran\u00e7ois Pelletant\"},\"image\":{\"@id\":\"https:\/\/francois-pelletant.fr\/blog\/#\/schema\/logo\/image\/\"},\"sameAs\":[\"https:\/\/www.facebook.com\/francois.pelletant.7\",\"https:\/\/x.com\/pelletant\"]}]}<\/script>\n<!-- \/ Yoast SEO plugin. -->","yoast_head_json":{"title":"Conditions G\u00e9n\u00e9rales d'Utilisation - Fran\u00e7ois Pelletant","robots":{"index":"index","follow":"follow","max-snippet":"max-snippet:-1","max-image-preview":"max-image-preview:large","max-video-preview":"max-video-preview:-1"},"canonical":"https:\/\/francois-pelletant.fr\/blog\/cgu\/","og_locale":"fr_FR","og_type":"article","og_title":"Conditions G\u00e9n\u00e9rales d'Utilisation - Fran\u00e7ois Pelletant","og_description":"Conditions G\u00e9n\u00e9rales d&#8217;Utilisation 1. Pr\u00e9sentation du site Le pr\u00e9sent document a pour objet de d\u00e9finir les modalit\u00e9s et conditions dans lesquelles d&#8217;une part, Fran\u00e7ois Pelletant (ci-apr\u00e8s d\u00e9nomm\u00e9 &#8220;l&#8217;\u00c9diteur&#8221;), met \u00e0 disposition de ses utilisateurs le site internet www.francois-pelletant.fr (ci-apr\u00e8s d\u00e9nomm\u00e9 &#8220;le Site&#8221;), et d&#8217;autre part, la mani\u00e8re par laquelle l&#8217;utilisateur acc\u00e8de au Site et utilise [&hellip;]","og_url":"https:\/\/francois-pelletant.fr\/blog\/cgu\/","og_site_name":"Fran\u00e7ois Pelletant","article_publisher":"https:\/\/www.facebook.com\/francois.pelletant.7","og_image":[{"width":2486,"height":1865,"url":"https:\/\/francois-pelletant.fr\/blog\/wp-content\/uploads\/2020\/07\/L\u00e9gislatives-2017.jpg","type":"image\/jpeg"}],"twitter_card":"summary_large_image","twitter_site":"@pelletant","twitter_misc":{"Dur\u00e9e de lecture estim\u00e9e":"3 minutes"},"schema":{"@context":"https:\/\/schema.org","@graph":[{"@type":"WebPage","@id":"https:\/\/francois-pelletant.fr\/blog\/cgu\/","url":"https:\/\/francois-pelletant.fr\/blog\/cgu\/","name":"Conditions G\u00e9n\u00e9rales d'Utilisation - Fran\u00e7ois Pelletant","isPartOf":{"@id":"https:\/\/francois-pelletant.fr\/blog\/#website"},"primaryImageOfPage":{"@id":"https:\/\/francois-pelletant.fr\/blog\/cgu\/#primaryimage"},"image":{"@id":"https:\/\/francois-pelletant.fr\/blog\/cgu\/#primaryimage"},"thumbnailUrl":"https:\/\/francois-pelletant.fr\/blog\/wp-content\/uploads\/2020\/07\/L\u00e9gislatives-2017.jpg","datePublished":"2024-07-14T23:59:54+00:00","breadcrumb":{"@id":"https:\/\/francois-pelletant.fr\/blog\/cgu\/#breadcrumb"},"inLanguage":"fr-FR","potentialAction":[{"@type":"ReadAction","target":["https:\/\/francois-pelletant.fr\/blog\/cgu\/"]}]},{"@type":"ImageObject","inLanguage":"fr-FR","@id":"https:\/\/francois-pelletant.fr\/blog\/cgu\/#primaryimage","url":"https:\/\/francois-pelletant.fr\/blog\/wp-content\/uploads\/2020\/07\/L\u00e9gislatives-2017.jpg","contentUrl":"https:\/\/francois-pelletant.fr\/blog\/wp-content\/uploads\/2020\/07\/L\u00e9gislatives-2017.jpg","width":2486,"height":1865},{"@type":"BreadcrumbList","@id":"https:\/\/francois-pelletant.fr\/blog\/cgu\/#breadcrumb","itemListElement":[{"@type":"ListItem","position":1,"name":"Accueil","item":"https:\/\/francois-pelletant.fr\/blog\/"},{"@type":"ListItem","position":2,"name":"Conditions G\u00e9n\u00e9rales d&#8217;Utilisation"}]},{"@type":"WebSite","@id":"https:\/\/francois-pelletant.fr\/blog\/#website","url":"https:\/\/francois-pelletant.fr\/blog\/","name":"Fran\u00e7ois Pelletant","description":"Maire de Linas, pour toujours.","publisher":{"@id":"https:\/\/francois-pelletant.fr\/blog\/#organization"},"potentialAction":[{"@type":"SearchAction","target":{"@type":"EntryPoint","urlTemplate":"https:\/\/francois-pelletant.fr\/blog\/?s={search_term_string}"},"query-input":{"@type":"PropertyValueSpecification","valueRequired":true,"valueName":"search_term_string"}}],"inLanguage":"fr-FR"},{"@type":"Organization","@id":"https:\/\/francois-pelletant.fr\/blog\/#organization","name":"Fran\u00e7ois Pelletant","url":"https:\/\/francois-pelletant.fr\/blog\/","logo":{"@type":"ImageObject","inLanguage":"fr-FR","@id":"https:\/\/francois-pelletant.fr\/blog\/#\/schema\/logo\/image\/","url":"https:\/\/francois-pelletant.fr\/blog\/wp-content\/uploads\/2024\/07\/icone-francois-centre-500p.png","contentUrl":"https:\/\/francois-pelletant.fr\/blog\/wp-content\/uploads\/2024\/07\/icone-francois-centre-500p.png","width":559,"height":447,"caption":"Fran\u00e7ois Pelletant"},"image":{"@id":"https:\/\/francois-pelletant.fr\/blog\/#\/schema\/logo\/image\/"},"sameAs":["https:\/\/www.facebook.com\/francois.pelletant.7","https:\/\/x.com\/pelletant"]}]}},"_links":{"self":[{"href":"https:\/\/francois-pelletant.fr\/blog\/wp-json\/wp\/v2\/pages\/13557","targetHints":{"allow":["GET"]}}],"collection":[{"href":"https:\/\/francois-pelletant.fr\/blog\/wp-json\/wp\/v2\/pages"}],"about":[{"href":"https:\/\/francois-pelletant.fr\/blog\/wp-json\/wp\/v2\/types\/page"}],"author":[{"embeddable":true,"href":"https:\/\/francois-pelletant.fr\/blog\/wp-json\/wp\/v2\/users\/2"}],"replies":[{"embeddable":true,"href":"https:\/\/francois-pelletant.fr\/blog\/wp-json\/wp\/v2\/comments?post=13557"}],"version-history":[{"count":0,"href":"https:\/\/francois-pelletant.fr\/blog\/wp-json\/wp\/v2\/pages\/13557\/revisions"}],"wp:featuredmedia":[{"embeddable":true,"href":"https:\/\/francois-pelletant.fr\/blog\/wp-json\/wp\/v2\/media\/13371"}],"wp:attachment":[{"href":"https:\/\/francois-pelletant.fr\/blog\/wp-json\/wp\/v2\/media?parent=13557"}],"curies":[{"name":"wp","href":"https:\/\/api.w.org\/{rel}","templated":true}]}}